{"id":25,"date":"2021-09-14T17:25:30","date_gmt":"2021-09-14T17:25:30","guid":{"rendered":"https:\/\/ilerdaautomocion.es\/?page_id=25"},"modified":"2023-11-03T11:19:46","modified_gmt":"2023-11-03T11:19:46","slug":"nuestros-productos-en-automocion","status":"publish","type":"page","link":"https:\/\/ilerdaautomocion.es\/?page_id=25","title":{"rendered":"Nuestros productos en automoci\u00f3n"},"content":{"rendered":"\n<p class=\"wp-block-paragraph\">En <strong>Comercial Ilerda de Automoci\u00f3n<\/strong> somos especialistas en maquinaria y herramientas del sector de la industria y la automoci\u00f3n en<strong> Lleida y Tarragona.<\/strong><\/p>\n\n\n\n<p class=\"wp-block-paragraph\">Asesoramiento, instalaci\u00f3n y servicio t\u00e9cnico postventa de las principales marcas con las que trabajamos de elevadores, equilibradoras, alineadoras, desmontadoras, compresores, estaciones de carga, carros y herramientas, extractores de humos, diagnosis, linea pre-itv, carros herramientas, cargadores de bater\u00edas, &#8230;<\/p>\n\n\n\n<p class=\"wp-block-paragraph\">Algunas de las principales marcas en maquinaria para la automoci\u00f3n y herramientas para talleres de coches con las que trabajamos son: <strong>Beta, RAV, Josval, Teco, Tecnotest, Worky, Vteq, Hofman, Waeco, Sicam, &#8230;.<\/strong><\/p>\n\n\n\n<p class=\"has-text-align-center has-medium-font-size wp-block-paragraph\">Suministramos, asesoramos, instalamos y le ofrecemos un servicio t\u00e9cnico integral de calidad y confianza<\/p>\n\n\n\n<div class=\"wp-block-columns is-layout-flex wp-container-core-columns-is-layout-f56f613f wp-block-columns-is-layout-flex\">\n<div class=\"wp-block-column is-layout-flow wp-block-column-is-layout-flow\" style=\"flex-basis:33.33%\">\n<figure class=\"wp-block-image size-full\"><img loading=\"lazy\" decoding=\"async\" width=\"226\" height=\"85\" src=\"https:\/\/ilerdaautomocion.es\/wp-content\/uploads\/2021\/09\/betalogo.jpg\" alt=\"\" class=\"wp-image-26\"\/><\/figure>\n<\/div>\n\n\n\n<div class=\"wp-block-column is-layout-flow wp-block-column-is-layout-flow\" style=\"flex-basis:66.66%\">\n<p class=\"wp-block-paragraph\"><strong>Beta &#8211; herramientas para la automoci\u00f3n<\/strong><\/p>\n\n\n\n<p class=\"wp-block-paragraph\">Empresa distribuidora de herramientas para la automoci\u00f3n<\/p>\n\n\n\n<p class=\"wp-block-paragraph\"><a href=\"http:\/\/www.beta-tools.co.uk\/online-brochure\/\" target=\"_blank\" rel=\"noreferrer noopener\">http:\/\/www.beta-tools.co.uk<\/a><\/p>\n<\/div>\n<\/div>\n\n\n\n<div class=\"wp-block-columns is-layout-flex wp-container-core-columns-is-layout-f56f613f wp-block-columns-is-layout-flex\">\n<div class=\"wp-block-column is-layout-flow wp-block-column-is-layout-flow\" style=\"flex-basis:33.33%\">\n<figure class=\"wp-block-image size-full\"><img loading=\"lazy\" decoding=\"async\" width=\"226\" height=\"85\" src=\"https:\/\/ilerdaautomocion.es\/wp-content\/uploads\/2021\/09\/Rav_elevadores.jpg\" alt=\"\" class=\"wp-image-27\"\/><\/figure>\n<\/div>\n\n\n\n<div class=\"wp-block-column is-layout-flow wp-block-column-is-layout-flow\" style=\"flex-basis:66.66%\">\n<p class=\"wp-block-paragraph\"><strong>RAV &#8211; maquinaria para la automoci\u00f3n<\/strong><\/p>\n\n\n\n<p class=\"wp-block-paragraph\">Elevadores, equilibradores, alineadoras, desmontadoras, &#8230;<\/p>\n\n\n\n<p class=\"wp-block-paragraph\"><a href=\"http:\/\/www.ravaglioli.com\/es\/azienda\/home\" target=\"_blank\" rel=\"noreferrer noopener\">http:\/\/www.ravaglioli.com<\/a><\/p>\n<\/div>\n<\/div>\n\n\n\n<div class=\"wp-block-columns is-layout-flex wp-container-core-columns-is-layout-f56f613f wp-block-columns-is-layout-flex\">\n<div class=\"wp-block-column is-layout-flow wp-block-column-is-layout-flow\" style=\"flex-basis:33.33%\">\n<figure class=\"wp-block-image size-full\"><img loading=\"lazy\" decoding=\"async\" width=\"226\" height=\"85\" src=\"https:\/\/ilerdaautomocion.es\/wp-content\/uploads\/2021\/09\/josval_compresores.jpg\" alt=\"\" class=\"wp-image-32\"\/><\/figure>\n<\/div>\n\n\n\n<div class=\"wp-block-column is-layout-flow wp-block-column-is-layout-flow\" style=\"flex-basis:66.66%\">\n<p class=\"wp-block-paragraph\"><strong>Josval &#8211; compresores<\/strong><\/p>\n\n\n\n<p class=\"wp-block-paragraph\">Compresores, tratamientos de aire, accesorios para la automoci\u00f3n, &#8230;<\/p>\n\n\n\n<p class=\"wp-block-paragraph\"><a href=\"http:\/\/www.compresoresjosval.com\" target=\"_blank\" rel=\"noreferrer noopener\">http:\/\/www.compresoresjosval.com<\/a><\/p>\n<\/div>\n<\/div>\n\n\n\n<div class=\"wp-block-columns is-layout-flex wp-container-core-columns-is-layout-f56f613f wp-block-columns-is-layout-flex\">\n<div class=\"wp-block-column is-layout-flow wp-block-column-is-layout-flow\" style=\"flex-basis:33.33%\">\n<figure class=\"wp-block-image size-full\"><img loading=\"lazy\" decoding=\"async\" width=\"226\" height=\"85\" src=\"https:\/\/ilerdaautomocion.es\/wp-content\/uploads\/2021\/09\/teco_logo.jpg\" alt=\"\" class=\"wp-image-34\"\/><\/figure>\n<\/div>\n\n\n\n<div class=\"wp-block-column is-layout-flow wp-block-column-is-layout-flow\" style=\"flex-basis:66.66%\">\n<p class=\"wp-block-paragraph\"><strong>Teco &#8211; maquinaria para la automoci\u00f3n<\/strong><\/p>\n\n\n\n<p class=\"wp-block-paragraph\">Elevadores, equilibradoras, &#8230;<\/p>\n\n\n\n<p class=\"wp-block-paragraph\"><a href=\"http:\/\/www.teco.it\/products.php\" target=\"_blank\" rel=\"noreferrer noopener\">http:\/\/www.teco.it<\/a><\/p>\n<\/div>\n<\/div>\n\n\n\n<div class=\"wp-block-columns is-layout-flex wp-container-core-columns-is-layout-f56f613f wp-block-columns-is-layout-flex\">\n<div class=\"wp-block-column is-layout-flow wp-block-column-is-layout-flow\" style=\"flex-basis:33.33%\">\n<figure class=\"wp-block-image size-full\"><img loading=\"lazy\" decoding=\"async\" width=\"226\" height=\"85\" src=\"https:\/\/ilerdaautomocion.es\/wp-content\/uploads\/2021\/09\/waeco_logo.jpg\" alt=\"\" class=\"wp-image-67\"\/><\/figure>\n<\/div>\n\n\n\n<div class=\"wp-block-column is-layout-flow wp-block-column-is-layout-flow\" style=\"flex-basis:66.66%\">\n<p class=\"wp-block-paragraph\"><strong>Waeco &#8211; todo para el taller de climatizaci\u00f3n<\/strong><\/p>\n\n\n\n<p class=\"wp-block-paragraph\">Maquinaria para la climatizaci\u00f3n, aire acondicionado, &#8230;&nbsp;<\/p>\n\n\n\n<p class=\"wp-block-paragraph\"><a href=\"http:\/\/www.waeco.com\/es\" target=\"_blank\" rel=\"noreferrer noopener\">http:\/\/www.waeco.com\/es<\/a><\/p>\n<\/div>\n<\/div>\n\n\n\n<div class=\"wp-block-columns is-layout-flex wp-container-core-columns-is-layout-f56f613f wp-block-columns-is-layout-flex\">\n<div class=\"wp-block-column is-layout-flow wp-block-column-is-layout-flow\" style=\"flex-basis:33.33%\">\n<figure class=\"wp-block-image size-full\"><img loading=\"lazy\" decoding=\"async\" width=\"226\" height=\"85\" src=\"https:\/\/ilerdaautomocion.es\/wp-content\/uploads\/2021\/09\/hpa_logo.jpg\" alt=\"\" class=\"wp-image-69\"\/><\/figure>\n<\/div>\n\n\n\n<div class=\"wp-block-column is-layout-flow wp-block-column-is-layout-flow\" style=\"flex-basis:66.66%\">\n<p class=\"wp-block-paragraph\"><strong>Waeco &#8211; todo para el taller de climatizaci\u00f3n<\/strong><\/p>\n\n\n\n<p class=\"wp-block-paragraph\">Maquinaria para la climatizaci\u00f3n, aire acondicionado, &#8230;&nbsp;<\/p>\n\n\n\n<p class=\"wp-block-paragraph\"><a href=\"http:\/\/www.waeco.com\/es\" target=\"_blank\" rel=\"noreferrer noopener\">http:\/\/www.waeco.com\/es<\/a><\/p>\n<\/div>\n<\/div>\n\n\n\n<div class=\"wp-block-columns is-layout-flex wp-container-core-columns-is-layout-f56f613f wp-block-columns-is-layout-flex\">\n<div class=\"wp-block-column is-layout-flow wp-block-column-is-layout-flow\" style=\"flex-basis:33.33%\">\n<figure class=\"wp-block-image size-full\"><img loading=\"lazy\" decoding=\"async\" width=\"226\" height=\"85\" src=\"https:\/\/ilerdaautomocion.es\/wp-content\/uploads\/2021\/09\/tecnotest_diagnosis.jpg\" alt=\"\" class=\"wp-image-70\"\/><\/figure>\n<\/div>\n\n\n\n<div class=\"wp-block-column is-layout-flow wp-block-column-is-layout-flow\" style=\"flex-basis:66.66%\">\n<p class=\"wp-block-paragraph\"><strong>Tecnotest &#8211; diagnosis<\/strong> para veh\u00edculos<\/p>\n\n\n\n<p class=\"wp-block-paragraph\">Autodiagnostico, an\u00e1lisis de gases y humo, &#8230;<\/p>\n\n\n\n<p class=\"wp-block-paragraph\"><a href=\"http:\/\/www.toolseurope.com\" target=\"_blank\" rel=\"noreferrer noopener\">http:\/\/www.toolseurope.com<\/a><\/p>\n<\/div>\n<\/div>\n\n\n\n<div class=\"wp-block-columns is-layout-flex wp-container-core-columns-is-layout-f56f613f wp-block-columns-is-layout-flex\">\n<div class=\"wp-block-column is-layout-flow wp-block-column-is-layout-flow\" style=\"flex-basis:33.33%\">\n<figure class=\"wp-block-image size-full\"><img loading=\"lazy\" decoding=\"async\" width=\"226\" height=\"85\" src=\"https:\/\/ilerdaautomocion.es\/wp-content\/uploads\/2021\/09\/worky.jpg\" alt=\"\" class=\"wp-image-71\"\/><\/figure>\n<\/div>\n\n\n\n<div class=\"wp-block-column is-layout-flow wp-block-column-is-layout-flow\" style=\"flex-basis:66.66%\">\n<p class=\"wp-block-paragraph\"><strong>Worky &#8211; extracci\u00f3n de humos<\/strong><\/p>\n\n\n\n<p class=\"wp-block-paragraph\">Aspiradoras de gases, distribuci\u00f3n de fluidos y energ\u00edas, &#8230;<\/p>\n\n\n\n<p class=\"wp-block-paragraph\"><a href=\"http:\/\/www.filcar.eu\/officina\/?lang=es\" target=\"_blank\" rel=\"noreferrer noopener\">http:\/\/www.worky-italy.com<\/a><\/p>\n<\/div>\n<\/div>\n\n\n\n<div class=\"wp-block-columns is-layout-flex wp-container-core-columns-is-layout-f56f613f wp-block-columns-is-layout-flex\">\n<div class=\"wp-block-column is-layout-flow wp-block-column-is-layout-flow\" style=\"flex-basis:33.33%\">\n<figure class=\"wp-block-image size-full\"><img loading=\"lazy\" decoding=\"async\" width=\"226\" height=\"85\" src=\"https:\/\/ilerdaautomocion.es\/wp-content\/uploads\/2021\/09\/vteq_linea_preitv.jpg\" alt=\"\" class=\"wp-image-72\"\/><\/figure>\n<\/div>\n\n\n\n<div class=\"wp-block-column is-layout-flow wp-block-column-is-layout-flow\" style=\"flex-basis:66.66%\">\n<p class=\"wp-block-paragraph\"><strong>Vteq &#8211; maquinaria para&nbsp;la Inspecci\u00f3n T\u00e9cnica de Veh\u00edculos<\/strong><\/p>\n\n\n\n<p class=\"wp-block-paragraph\">Maquin\u00e0ria para la inspecci\u00f3n t\u00e9cnica de veh\u00edculos (ITV)&nbsp;<\/p>\n\n\n\n<p class=\"wp-block-paragraph\"><a href=\"http:\/\/www.vteq.es\/index.php?option=com_content&amp;task=view&amp;id=39&amp;Itemid=64\" target=\"_blank\" rel=\"noreferrer noopener\">http:\/\/www.vteq.es<\/a><\/p>\n<\/div>\n<\/div>\n\n\n\n<div class=\"wp-block-columns is-layout-flex wp-container-core-columns-is-layout-f56f613f wp-block-columns-is-layout-flex\">\n<div class=\"wp-block-column is-layout-flow wp-block-column-is-layout-flow\" style=\"flex-basis:33.33%\">\n<figure class=\"wp-block-image size-full\"><img loading=\"lazy\" decoding=\"async\" width=\"175\" height=\"52\" src=\"https:\/\/ilerdaautomocion.es\/wp-content\/uploads\/2021\/09\/sicam.gif\" alt=\"\" class=\"wp-image-73\"\/><\/figure>\n<\/div>\n\n\n\n<div class=\"wp-block-column is-layout-flow wp-block-column-is-layout-flow\" style=\"flex-basis:66.66%\">\n<p class=\"wp-block-paragraph\"><strong>Sicam &#8211; maquinaria para la automoci\u00f3n<\/strong><\/p>\n\n\n\n<p class=\"wp-block-paragraph\">Desmontadoras, equilibradoras, alineadoras, &#8230;&nbsp;<\/p>\n\n\n\n<p class=\"wp-block-paragraph\"><a href=\"http:\/\/www.sicam.it\/home.php\" target=\"_blank\" rel=\"noreferrer noopener\">http:\/\/www.sicam.it<\/a><\/p>\n<\/div>\n<\/div>\n\n\n\n<div class=\"wp-block-columns is-layout-flex wp-container-core-columns-is-layout-f56f613f wp-block-columns-is-layout-flex\">\n<div class=\"wp-block-column is-layout-flow wp-block-column-is-layout-flow\" style=\"flex-basis:33.33%\">\n<figure class=\"wp-block-image size-full\"><img loading=\"lazy\" decoding=\"async\" width=\"226\" height=\"85\" src=\"https:\/\/ilerdaautomocion.es\/wp-content\/uploads\/2021\/09\/logo_RAASM.jpg\" alt=\"\" class=\"wp-image-74\"\/><\/figure>\n<\/div>\n\n\n\n<div class=\"wp-block-column is-layout-flow wp-block-column-is-layout-flow\" style=\"flex-basis:66.66%\">\n<p class=\"wp-block-paragraph\"><strong>RAASM &#8211; equipos para fluidos y lubricaci\u00f3n<\/strong><\/p>\n\n\n\n<p class=\"wp-block-paragraph\">Equipos para fluidos y lubricaci\u00f3n<\/p>\n\n\n\n<p class=\"wp-block-paragraph\"><a href=\"http:\/\/www.raasm.it\" target=\"_blank\" rel=\"noreferrer noopener\">http:\/\/www.raasm.it<\/a><\/p>\n<\/div>\n<\/div>\n\n\n\n<div class=\"wp-block-columns is-layout-flex wp-container-core-columns-is-layout-f56f613f wp-block-columns-is-layout-flex\">\n<div class=\"wp-block-column is-layout-flow wp-block-column-is-layout-flow\" style=\"flex-basis:33.33%\">\n<figure class=\"wp-block-image size-full\"><img loading=\"lazy\" decoding=\"async\" width=\"226\" height=\"85\" src=\"https:\/\/ilerdaautomocion.es\/wp-content\/uploads\/2021\/09\/ipclogo.jpg\" alt=\"\" class=\"wp-image-75\"\/><\/figure>\n<\/div>\n\n\n\n<div class=\"wp-block-column is-layout-flow wp-block-column-is-layout-flow\" style=\"flex-basis:66.66%\">\n<p class=\"wp-block-paragraph\"><strong>IP Cleaning Espa\u00f1a &#8211; equips de neteja<\/strong><\/p>\n\n\n\n<p class=\"wp-block-paragraph\">Aspiradoras, limpiamoquetas, hidro limpiadoras de agua fria y caliente.<\/p>\n\n\n\n<p class=\"wp-block-paragraph\"><a href=\"https:\/\/www.ipcworldwide.com\/es\/\" target=\"_blank\" rel=\"noreferrer noopener\">https:\/\/www.ipcworldwide.com<\/a><\/p>\n<\/div>\n<\/div>\n\n\n\n<div class=\"wp-block-columns is-layout-flex wp-container-core-columns-is-layout-f56f613f wp-block-columns-is-layout-flex\">\n<div class=\"wp-block-column is-layout-flow wp-block-column-is-layout-flow\" style=\"flex-basis:33.33%\">\n<figure class=\"wp-block-image size-full\"><img loading=\"lazy\" decoding=\"async\" width=\"340\" height=\"261\" src=\"https:\/\/ilerdaautomocion.es\/wp-content\/uploads\/2021\/09\/alineadores_elevadores_auto.jpg\" alt=\"\" class=\"wp-image-76\" srcset=\"https:\/\/ilerdaautomocion.es\/wp-content\/uploads\/2021\/09\/alineadores_elevadores_auto.jpg 340w, https:\/\/ilerdaautomocion.es\/wp-content\/uploads\/2021\/09\/alineadores_elevadores_auto-300x230.jpg 300w\" sizes=\"auto, (max-width: 340px) 100vw, 340px\" \/><\/figure>\n<\/div>\n\n\n\n<div class=\"wp-block-column is-layout-flow wp-block-column-is-layout-flow\" style=\"flex-basis:66.66%\">\n<p class=\"wp-block-paragraph\"><strong>Especialistas en las primeras marcas en maquinaria para talleres m\u00e9canicos y herramientas para la automoci\u00f3n<\/strong><\/p>\n\n\n\n<p class=\"wp-block-paragraph\">Trabajamos con las principales marcas con el fin de ofrecer una gama completa de productos en maquinaria y herramientas para talleres de automoci\u00f3n<\/p>\n\n\n\n<p class=\"wp-block-paragraph\">Pretendemos ser su mejor asesor en buscar soluciones para sus necesidades t\u00e9cnicas, ofreci\u00e9ndole un servicio de venta y post-venda completo de maquinarias y herramientas de la automoci\u00f3n.<\/p>\n\n\n\n<p class=\"wp-block-paragraph\">La mejor puesta a punto y el mejor servicio t\u00e9cnico postventa para ofrecerle un asesoramiento t\u00e9cnico integral en automoci\u00f3n en las provincias de Lleida y Girona.<\/p>\n<\/div>\n<\/div>\n\n\n\n<div class=\"wp-block-columns is-layout-flex wp-container-core-columns-is-layout-f56f613f wp-block-columns-is-layout-flex\">\n<div class=\"wp-block-column is-layout-flow wp-block-column-is-layout-flow\" style=\"flex-basis:33.33%\"><\/div>\n\n\n\n<div class=\"wp-block-column is-layout-flow wp-block-column-is-layout-flow\" style=\"flex-basis:66.66%\"><\/div>\n<\/div>\n\n\n\n<div class=\"wp-block-columns is-layout-flex wp-container-core-columns-is-layout-f56f613f wp-block-columns-is-layout-flex\">\n<div class=\"wp-block-column is-layout-flow wp-block-column-is-layout-flow\" style=\"flex-basis:33.33%\"><\/div>\n\n\n\n<div class=\"wp-block-column is-layout-flow wp-block-column-is-layout-flow\" style=\"flex-basis:66.66%\"><\/div>\n<\/div>\n\n\n\n<div class=\"wp-block-columns is-layout-flex wp-container-core-columns-is-layout-f56f613f wp-block-columns-is-layout-flex\">\n<div class=\"wp-block-column is-layout-flow wp-block-column-is-layout-flow\" style=\"flex-basis:33.33%\"><\/div>\n\n\n\n<div class=\"wp-block-column is-layout-flow wp-block-column-is-layout-flow\" style=\"flex-basis:66.66%\"><\/div>\n<\/div>\n\n\n\n<div class=\"wp-block-columns is-layout-flex wp-container-core-columns-is-layout-f56f613f wp-block-columns-is-layout-flex\">\n<div class=\"wp-block-column is-layout-flow wp-block-column-is-layout-flow\" style=\"flex-basis:33.33%\"><\/div>\n\n\n\n<div class=\"wp-block-column is-layout-flow wp-block-column-is-layout-flow\" style=\"flex-basis:66.66%\"><\/div>\n<\/div>\n\n\n\n<p class=\"has-medium-font-size wp-block-paragraph\"><strong>Maquinaria para la automoci\u00f3n y herramientas<\/strong><\/p>\n\n\n\n<p class=\"wp-block-paragraph\">Dentro de nuestro cat\u00e1logo de productos ofrecemos: elevadores, equilibradoras, alineadoras, desmontadoras, compresores, estaciones de carga, carros y herramientas, extractores de humos, diagnosis, linea pre-itv, carros herramientas, cargadores de bater\u00edas, arrancadores coches automoviles, inspeccionadoras, vulcanizadoras, destalonadoras, pistolas de impacto, aceite centralizado, aspiradoras de humos, aspiradoras de polvo, lavapiezas maquinas presion gaua, aspiradoras aceite, gatos hidraulicos, cbinas de pintura, bancadas reparaci\u00f3n coches, elevadores de planchistas, prensas para la automoci\u00f3n, mobiliario para talleres de automoviles, talleres mec\u00e1nicos para veh\u00edculos: coches, motos, furgonetas &#8230;<\/p>\n","protected":false},"excerpt":{"rendered":"<p>En Comercial Ilerda de Automoci\u00f3n somos especialistas en maquinaria y herramientas del sector de la industria y la automoci\u00f3n en Lleida y Tarragona. Asesoramiento, instalaci\u00f3n y servicio t\u00e9cnico postventa de las principales marcas con las que trabajamos de elevadores, equilibradoras, alineadoras, desmontadoras, compresores, estaciones de carga, carros y herramientas, extractores de humos, diagnosis, linea pre-itv, [&hellip;]<\/p>\n","protected":false},"author":1,"featured_media":0,"parent":0,"menu_order":0,"comment_status":"closed","ping_status":"closed","template":"","meta":{"footnotes":""},"class_list":["post-25","page","type-page","status-publish","hentry"],"yoast_head":"<!-- This site is optimized with the Yoast SEO plugin v28.4 - https:\/\/yoast.com\/product\/yoast-seo-wordpress\/ -->\n<title>Nuestros productos en automoci\u00f3n - Comercial ilerda de automoci\u00f3n<\/title>\n<meta name=\"robots\" content=\"index, follow, max-snippet:-1, max-image-preview:large, max-video-preview:-1\" \/>\n<link rel=\"canonical\" href=\"https:\/\/ilerdaautomocion.es\/?page_id=25\" \/>\n<meta property=\"og:locale\" content=\"es_ES\" \/>\n<meta property=\"og:type\" content=\"article\" \/>\n<meta property=\"og:title\" content=\"Nuestros productos en automoci\u00f3n - Comercial ilerda de automoci\u00f3n\" \/>\n<meta property=\"og:description\" content=\"En Comercial Ilerda de Automoci\u00f3n somos especialistas en maquinaria y herramientas del sector de la industria y la automoci\u00f3n en Lleida y Tarragona. Asesoramiento, instalaci\u00f3n y servicio t\u00e9cnico postventa de las principales marcas con las que trabajamos de elevadores, equilibradoras, alineadoras, desmontadoras, compresores, estaciones de carga, carros y herramientas, extractores de humos, diagnosis, linea pre-itv, [&hellip;]\" \/>\n<meta property=\"og:url\" content=\"https:\/\/ilerdaautomocion.es\/?page_id=25\" \/>\n<meta property=\"og:site_name\" content=\"Comercial ilerda de automoci\u00f3n\" \/>\n<meta property=\"article:modified_time\" content=\"2023-11-03T11:19:46+00:00\" \/>\n<meta property=\"og:image\" content=\"https:\/\/ilerdaautomocion.es\/wp-content\/uploads\/2021\/09\/betalogo.jpg\" \/>\n<meta name=\"twitter:card\" content=\"summary_large_image\" \/>\n<meta name=\"twitter:label1\" content=\"Tiempo de lectura\" \/>\n\t<meta name=\"twitter:data1\" content=\"5 minutos\" \/>\n<script type=\"application\/ld+json\" class=\"yoast-schema-graph\">{\"@context\":\"https:\\\/\\\/schema.org\",\"@graph\":[{\"@type\":\"WebPage\",\"@id\":\"https:\\\/\\\/ilerdaautomocion.es\\\/?page_id=25\",\"url\":\"https:\\\/\\\/ilerdaautomocion.es\\\/?page_id=25\",\"name\":\"Nuestros productos en automoci\u00f3n - Comercial ilerda de automoci\u00f3n\",\"isPartOf\":{\"@id\":\"https:\\\/\\\/ilerdaautomocion.es\\\/#website\"},\"primaryImageOfPage\":{\"@id\":\"https:\\\/\\\/ilerdaautomocion.es\\\/?page_id=25#primaryimage\"},\"image\":{\"@id\":\"https:\\\/\\\/ilerdaautomocion.es\\\/?page_id=25#primaryimage\"},\"thumbnailUrl\":\"https:\\\/\\\/ilerdaautomocion.es\\\/wp-content\\\/uploads\\\/2021\\\/09\\\/betalogo.jpg\",\"datePublished\":\"2021-09-14T17:25:30+00:00\",\"dateModified\":\"2023-11-03T11:19:46+00:00\",\"breadcrumb\":{\"@id\":\"https:\\\/\\\/ilerdaautomocion.es\\\/?page_id=25#breadcrumb\"},\"inLanguage\":\"es\",\"potentialAction\":[{\"@type\":\"ReadAction\",\"target\":[\"https:\\\/\\\/ilerdaautomocion.es\\\/?page_id=25\"]}]},{\"@type\":\"ImageObject\",\"inLanguage\":\"es\",\"@id\":\"https:\\\/\\\/ilerdaautomocion.es\\\/?page_id=25#primaryimage\",\"url\":\"https:\\\/\\\/ilerdaautomocion.es\\\/wp-content\\\/uploads\\\/2021\\\/09\\\/betalogo.jpg\",\"contentUrl\":\"https:\\\/\\\/ilerdaautomocion.es\\\/wp-content\\\/uploads\\\/2021\\\/09\\\/betalogo.jpg\",\"width\":226,\"height\":85},{\"@type\":\"BreadcrumbList\",\"@id\":\"https:\\\/\\\/ilerdaautomocion.es\\\/?page_id=25#breadcrumb\",\"itemListElement\":[{\"@type\":\"ListItem\",\"position\":1,\"name\":\"Portada\",\"item\":\"https:\\\/\\\/ilerdaautomocion.es\\\/\"},{\"@type\":\"ListItem\",\"position\":2,\"name\":\"Nuestros productos en automoci\u00f3n\"}]},{\"@type\":\"WebSite\",\"@id\":\"https:\\\/\\\/ilerdaautomocion.es\\\/#website\",\"url\":\"https:\\\/\\\/ilerdaautomocion.es\\\/\",\"name\":\"Comercial ilerda de automoci\u00f3n\",\"description\":\"Comercial Ilerda de Automoci\u00f3n. Venta de maquinaria nueva y de ocasi\u00f3n.\",\"publisher\":{\"@id\":\"https:\\\/\\\/ilerdaautomocion.es\\\/#organization\"},\"potentialAction\":[{\"@type\":\"SearchAction\",\"target\":{\"@type\":\"EntryPoint\",\"urlTemplate\":\"https:\\\/\\\/ilerdaautomocion.es\\\/?s={search_term_string}\"},\"query-input\":{\"@type\":\"PropertyValueSpecification\",\"valueRequired\":true,\"valueName\":\"search_term_string\"}}],\"inLanguage\":\"es\"},{\"@type\":\"Organization\",\"@id\":\"https:\\\/\\\/ilerdaautomocion.es\\\/#organization\",\"name\":\"Comercial Ilerda de automoci\u00f3n\",\"url\":\"https:\\\/\\\/ilerdaautomocion.es\\\/\",\"logo\":{\"@type\":\"ImageObject\",\"inLanguage\":\"es\",\"@id\":\"https:\\\/\\\/ilerdaautomocion.es\\\/#\\\/schema\\\/logo\\\/image\\\/\",\"url\":\"https:\\\/\\\/ilerdaautomocion.es\\\/wp-content\\\/uploads\\\/2021\\\/09\\\/Comercialilerda_logo.jpg\",\"contentUrl\":\"https:\\\/\\\/ilerdaautomocion.es\\\/wp-content\\\/uploads\\\/2021\\\/09\\\/Comercialilerda_logo.jpg\",\"width\":465,\"height\":192,\"caption\":\"Comercial Ilerda de automoci\u00f3n\"},\"image\":{\"@id\":\"https:\\\/\\\/ilerdaautomocion.es\\\/#\\\/schema\\\/logo\\\/image\\\/\"}}]}<\/script>\n<!-- \/ Yoast SEO plugin. -->","yoast_head_json":{"title":"Nuestros productos en automoci\u00f3n - Comercial ilerda de automoci\u00f3n","robots":{"index":"index","follow":"follow","max-snippet":"max-snippet:-1","max-image-preview":"max-image-preview:large","max-video-preview":"max-video-preview:-1"},"canonical":"https:\/\/ilerdaautomocion.es\/?page_id=25","og_locale":"es_ES","og_type":"article","og_title":"Nuestros productos en automoci\u00f3n - Comercial ilerda de automoci\u00f3n","og_description":"En Comercial Ilerda de Automoci\u00f3n somos especialistas en maquinaria y herramientas del sector de la industria y la automoci\u00f3n en Lleida y Tarragona. Asesoramiento, instalaci\u00f3n y servicio t\u00e9cnico postventa de las principales marcas con las que trabajamos de elevadores, equilibradoras, alineadoras, desmontadoras, compresores, estaciones de carga, carros y herramientas, extractores de humos, diagnosis, linea pre-itv, [&hellip;]","og_url":"https:\/\/ilerdaautomocion.es\/?page_id=25","og_site_name":"Comercial ilerda de automoci\u00f3n","article_modified_time":"2023-11-03T11:19:46+00:00","og_image":[{"url":"https:\/\/ilerdaautomocion.es\/wp-content\/uploads\/2021\/09\/betalogo.jpg","type":"","width":"","height":""}],"twitter_card":"summary_large_image","twitter_misc":{"Tiempo de lectura":"5 minutos"},"schema":{"@context":"https:\/\/schema.org","@graph":[{"@type":"WebPage","@id":"https:\/\/ilerdaautomocion.es\/?page_id=25","url":"https:\/\/ilerdaautomocion.es\/?page_id=25","name":"Nuestros productos en automoci\u00f3n - Comercial ilerda de automoci\u00f3n","isPartOf":{"@id":"https:\/\/ilerdaautomocion.es\/#website"},"primaryImageOfPage":{"@id":"https:\/\/ilerdaautomocion.es\/?page_id=25#primaryimage"},"image":{"@id":"https:\/\/ilerdaautomocion.es\/?page_id=25#primaryimage"},"thumbnailUrl":"https:\/\/ilerdaautomocion.es\/wp-content\/uploads\/2021\/09\/betalogo.jpg","datePublished":"2021-09-14T17:25:30+00:00","dateModified":"2023-11-03T11:19:46+00:00","breadcrumb":{"@id":"https:\/\/ilerdaautomocion.es\/?page_id=25#breadcrumb"},"inLanguage":"es","potentialAction":[{"@type":"ReadAction","target":["https:\/\/ilerdaautomocion.es\/?page_id=25"]}]},{"@type":"ImageObject","inLanguage":"es","@id":"https:\/\/ilerdaautomocion.es\/?page_id=25#primaryimage","url":"https:\/\/ilerdaautomocion.es\/wp-content\/uploads\/2021\/09\/betalogo.jpg","contentUrl":"https:\/\/ilerdaautomocion.es\/wp-content\/uploads\/2021\/09\/betalogo.jpg","width":226,"height":85},{"@type":"BreadcrumbList","@id":"https:\/\/ilerdaautomocion.es\/?page_id=25#breadcrumb","itemListElement":[{"@type":"ListItem","position":1,"name":"Portada","item":"https:\/\/ilerdaautomocion.es\/"},{"@type":"ListItem","position":2,"name":"Nuestros productos en automoci\u00f3n"}]},{"@type":"WebSite","@id":"https:\/\/ilerdaautomocion.es\/#website","url":"https:\/\/ilerdaautomocion.es\/","name":"Comercial ilerda de automoci\u00f3n","description":"Comercial Ilerda de Automoci\u00f3n. Venta de maquinaria nueva y de ocasi\u00f3n.","publisher":{"@id":"https:\/\/ilerdaautomocion.es\/#organization"},"potentialAction":[{"@type":"SearchAction","target":{"@type":"EntryPoint","urlTemplate":"https:\/\/ilerdaautomocion.es\/?s={search_term_string}"},"query-input":{"@type":"PropertyValueSpecification","valueRequired":true,"valueName":"search_term_string"}}],"inLanguage":"es"},{"@type":"Organization","@id":"https:\/\/ilerdaautomocion.es\/#organization","name":"Comercial Ilerda de automoci\u00f3n","url":"https:\/\/ilerdaautomocion.es\/","logo":{"@type":"ImageObject","inLanguage":"es","@id":"https:\/\/ilerdaautomocion.es\/#\/schema\/logo\/image\/","url":"https:\/\/ilerdaautomocion.es\/wp-content\/uploads\/2021\/09\/Comercialilerda_logo.jpg","contentUrl":"https:\/\/ilerdaautomocion.es\/wp-content\/uploads\/2021\/09\/Comercialilerda_logo.jpg","width":465,"height":192,"caption":"Comercial Ilerda de automoci\u00f3n"},"image":{"@id":"https:\/\/ilerdaautomocion.es\/#\/schema\/logo\/image\/"}}]}},"_links":{"self":[{"href":"https:\/\/ilerdaautomocion.es\/index.php?rest_route=\/wp\/v2\/pages\/25","targetHints":{"allow":["GET"]}}],"collection":[{"href":"https:\/\/ilerdaautomocion.es\/index.php?rest_route=\/wp\/v2\/pages"}],"about":[{"href":"https:\/\/ilerdaautomocion.es\/index.php?rest_route=\/wp\/v2\/types\/page"}],"author":[{"embeddable":true,"href":"https:\/\/ilerdaautomocion.es\/index.php?rest_route=\/wp\/v2\/users\/1"}],"replies":[{"embeddable":true,"href":"https:\/\/ilerdaautomocion.es\/index.php?rest_route=%2Fwp%2Fv2%2Fcomments&post=25"}],"version-history":[{"count":6,"href":"https:\/\/ilerdaautomocion.es\/index.php?rest_route=\/wp\/v2\/pages\/25\/revisions"}],"predecessor-version":[{"id":167,"href":"https:\/\/ilerdaautomocion.es\/index.php?rest_route=\/wp\/v2\/pages\/25\/revisions\/167"}],"wp:attachment":[{"href":"https:\/\/ilerdaautomocion.es\/index.php?rest_route=%2Fwp%2Fv2%2Fmedia&parent=25"}],"curies":[{"name":"wp","href":"https:\/\/api.w.org\/{rel}","templated":true}]}}