{"id":86,"date":"2021-09-15T16:08:38","date_gmt":"2021-09-15T16:08:38","guid":{"rendered":"https:\/\/ilerdaautomocion.es\/?page_id=86"},"modified":"2021-09-15T16:22:58","modified_gmt":"2021-09-15T16:22:58","slug":"contacto","status":"publish","type":"page","link":"https:\/\/ilerdaautomocion.es\/?page_id=86","title":{"rendered":"Contacto"},"content":{"rendered":"\n<div class=\"wpcf7 no-js\" id=\"wpcf7-f84-o1\" lang=\"es-ES\" dir=\"ltr\" data-wpcf7-id=\"84\">\n<div class=\"screen-reader-response\"><p role=\"status\" aria-live=\"polite\" aria-atomic=\"true\"><\/p> <ul><\/ul><\/div>\n<form action=\"\/index.php?rest_route=%2Fwp%2Fv2%2Fpages%2F86#wpcf7-f84-o1\" method=\"post\" class=\"wpcf7-form init\" aria-label=\"Formulario de contacto\" novalidate=\"novalidate\" data-status=\"init\">\n<fieldset class=\"hidden-fields-container\"><input type=\"hidden\" name=\"_wpcf7\" value=\"84\" \/><input type=\"hidden\" name=\"_wpcf7_version\" value=\"6.1.7\" \/><input type=\"hidden\" name=\"_wpcf7_locale\" value=\"es_ES\" \/><input type=\"hidden\" name=\"_wpcf7_unit_tag\" value=\"wpcf7-f84-o1\" \/><input type=\"hidden\" name=\"_wpcf7_container_post\" value=\"0\" \/><input type=\"hidden\" name=\"_wpcf7_posted_data_hash\" value=\"\" \/>\n<\/fieldset>\n<p><label> Tu nombre<br \/>\n<span class=\"wpcf7-form-control-wrap\" data-name=\"your-name\"><input size=\"40\" maxlength=\"400\" class=\"wpcf7-form-control wpcf7-text wpcf7-validates-as-required\" aria-required=\"true\" aria-invalid=\"false\" value=\"\" type=\"text\" name=\"your-name\" \/><\/span> <\/label>\n<\/p>\n<p><label> Tu correo electr\u00f3nico<br \/>\n<span class=\"wpcf7-form-control-wrap\" data-name=\"your-email\"><input size=\"40\" maxlength=\"400\" class=\"wpcf7-form-control wpcf7-email wpcf7-validates-as-required wpcf7-text wpcf7-validates-as-email\" aria-required=\"true\" aria-invalid=\"false\" value=\"\" type=\"email\" name=\"your-email\" \/><\/span> <\/label>\n<\/p>\n<p><label> Asunto<br \/>\n<span class=\"wpcf7-form-control-wrap\" data-name=\"your-subject\"><input size=\"40\" maxlength=\"400\" class=\"wpcf7-form-control wpcf7-text wpcf7-validates-as-required\" aria-required=\"true\" aria-invalid=\"false\" value=\"\" type=\"text\" name=\"your-subject\" \/><\/span> <\/label>\n<\/p>\n<p><label> Tu mensaje (opcional)<br \/>\n<span class=\"wpcf7-form-control-wrap\" data-name=\"your-message\"><textarea cols=\"40\" rows=\"10\" maxlength=\"2000\" class=\"wpcf7-form-control wpcf7-textarea\" aria-invalid=\"false\" name=\"your-message\"><\/textarea><\/span> <\/label>\n<\/p>\n<p><input class=\"wpcf7-form-control wpcf7-submit has-spinner\" type=\"submit\" value=\"Enviar\" \/>\n<\/p><div class=\"wpcf7-response-output\" aria-hidden=\"true\"><\/div>\n<\/form>\n<\/div>\n\n\n\n\n<iframe src=\"https:\/\/www.google.com\/maps\/embed?pb=!1m18!1m12!1m3!1d2982.630974553437!2d0.6585998157251967!3d41.62049098947406!2m3!1f0!2f0!3f0!3m2!1i1024!2i768!4f13.1!3m3!1m2!1s0x12a6e0c05df4ce27%3A0x81d98c7feb6d9c1f!2sComercial%20Ilerda%20D&#39;Automoci%C3%B3%20S%20L!5e0!3m2!1ses!2ses!4v1631722876933!5m2!1ses!2ses\" width=\"600\" height=\"450\" style=\"border:0;\" allowfullscreen=\"\" loading=\"lazy\"><\/iframe>\n\n\n\n<p class=\"wp-block-paragraph\"><\/p>\n","protected":false},"excerpt":{"rendered":"","protected":false},"author":1,"featured_media":0,"parent":0,"menu_order":0,"comment_status":"closed","ping_status":"closed","template":"","meta":{"footnotes":""},"class_list":["post-86","page","type-page","status-publish","hentry"],"yoast_head":"<!-- This site is optimized with the Yoast SEO plugin v28.4 - https:\/\/yoast.com\/product\/yoast-seo-wordpress\/ -->\n<title>Contacto - Comercial ilerda de automoci\u00f3n<\/title>\n<meta name=\"robots\" content=\"index, follow, max-snippet:-1, max-image-preview:large, max-video-preview:-1\" \/>\n<link rel=\"canonical\" href=\"https:\/\/ilerdaautomocion.es\/?page_id=86\" \/>\n<meta property=\"og:locale\" content=\"es_ES\" \/>\n<meta property=\"og:type\" content=\"article\" \/>\n<meta property=\"og:title\" content=\"Contacto - Comercial ilerda de automoci\u00f3n\" \/>\n<meta property=\"og:url\" content=\"https:\/\/ilerdaautomocion.es\/?page_id=86\" \/>\n<meta property=\"og:site_name\" content=\"Comercial ilerda de automoci\u00f3n\" \/>\n<meta property=\"article:modified_time\" content=\"2021-09-15T16:22:58+00:00\" \/>\n<meta name=\"twitter:card\" content=\"summary_large_image\" \/>\n<script type=\"application\/ld+json\" class=\"yoast-schema-graph\">{\"@context\":\"https:\\\/\\\/schema.org\",\"@graph\":[{\"@type\":\"WebPage\",\"@id\":\"https:\\\/\\\/ilerdaautomocion.es\\\/?page_id=86\",\"url\":\"https:\\\/\\\/ilerdaautomocion.es\\\/?page_id=86\",\"name\":\"Contacto - Comercial ilerda de automoci\u00f3n\",\"isPartOf\":{\"@id\":\"https:\\\/\\\/ilerdaautomocion.es\\\/#website\"},\"datePublished\":\"2021-09-15T16:08:38+00:00\",\"dateModified\":\"2021-09-15T16:22:58+00:00\",\"breadcrumb\":{\"@id\":\"https:\\\/\\\/ilerdaautomocion.es\\\/?page_id=86#breadcrumb\"},\"inLanguage\":\"es\",\"potentialAction\":[{\"@type\":\"ReadAction\",\"target\":[\"https:\\\/\\\/ilerdaautomocion.es\\\/?page_id=86\"]}]},{\"@type\":\"BreadcrumbList\",\"@id\":\"https:\\\/\\\/ilerdaautomocion.es\\\/?page_id=86#breadcrumb\",\"itemListElement\":[{\"@type\":\"ListItem\",\"position\":1,\"name\":\"Portada\",\"item\":\"https:\\\/\\\/ilerdaautomocion.es\\\/\"},{\"@type\":\"ListItem\",\"position\":2,\"name\":\"Contacto\"}]},{\"@type\":\"WebSite\",\"@id\":\"https:\\\/\\\/ilerdaautomocion.es\\\/#website\",\"url\":\"https:\\\/\\\/ilerdaautomocion.es\\\/\",\"name\":\"Comercial ilerda de automoci\u00f3n\",\"description\":\"Comercial Ilerda de Automoci\u00f3n. Venta de maquinaria nueva y de ocasi\u00f3n.\",\"publisher\":{\"@id\":\"https:\\\/\\\/ilerdaautomocion.es\\\/#organization\"},\"potentialAction\":[{\"@type\":\"SearchAction\",\"target\":{\"@type\":\"EntryPoint\",\"urlTemplate\":\"https:\\\/\\\/ilerdaautomocion.es\\\/?s={search_term_string}\"},\"query-input\":{\"@type\":\"PropertyValueSpecification\",\"valueRequired\":true,\"valueName\":\"search_term_string\"}}],\"inLanguage\":\"es\"},{\"@type\":\"Organization\",\"@id\":\"https:\\\/\\\/ilerdaautomocion.es\\\/#organization\",\"name\":\"Comercial Ilerda de automoci\u00f3n\",\"url\":\"https:\\\/\\\/ilerdaautomocion.es\\\/\",\"logo\":{\"@type\":\"ImageObject\",\"inLanguage\":\"es\",\"@id\":\"https:\\\/\\\/ilerdaautomocion.es\\\/#\\\/schema\\\/logo\\\/image\\\/\",\"url\":\"https:\\\/\\\/ilerdaautomocion.es\\\/wp-content\\\/uploads\\\/2021\\\/09\\\/Comercialilerda_logo.jpg\",\"contentUrl\":\"https:\\\/\\\/ilerdaautomocion.es\\\/wp-content\\\/uploads\\\/2021\\\/09\\\/Comercialilerda_logo.jpg\",\"width\":465,\"height\":192,\"caption\":\"Comercial Ilerda de automoci\u00f3n\"},\"image\":{\"@id\":\"https:\\\/\\\/ilerdaautomocion.es\\\/#\\\/schema\\\/logo\\\/image\\\/\"}}]}<\/script>\n<!-- \/ Yoast SEO plugin. -->","yoast_head_json":{"title":"Contacto - Comercial ilerda de automoci\u00f3n","robots":{"index":"index","follow":"follow","max-snippet":"max-snippet:-1","max-image-preview":"max-image-preview:large","max-video-preview":"max-video-preview:-1"},"canonical":"https:\/\/ilerdaautomocion.es\/?page_id=86","og_locale":"es_ES","og_type":"article","og_title":"Contacto - Comercial ilerda de automoci\u00f3n","og_url":"https:\/\/ilerdaautomocion.es\/?page_id=86","og_site_name":"Comercial ilerda de automoci\u00f3n","article_modified_time":"2021-09-15T16:22:58+00:00","twitter_card":"summary_large_image","schema":{"@context":"https:\/\/schema.org","@graph":[{"@type":"WebPage","@id":"https:\/\/ilerdaautomocion.es\/?page_id=86","url":"https:\/\/ilerdaautomocion.es\/?page_id=86","name":"Contacto - Comercial ilerda de automoci\u00f3n","isPartOf":{"@id":"https:\/\/ilerdaautomocion.es\/#website"},"datePublished":"2021-09-15T16:08:38+00:00","dateModified":"2021-09-15T16:22:58+00:00","breadcrumb":{"@id":"https:\/\/ilerdaautomocion.es\/?page_id=86#breadcrumb"},"inLanguage":"es","potentialAction":[{"@type":"ReadAction","target":["https:\/\/ilerdaautomocion.es\/?page_id=86"]}]},{"@type":"BreadcrumbList","@id":"https:\/\/ilerdaautomocion.es\/?page_id=86#breadcrumb","itemListElement":[{"@type":"ListItem","position":1,"name":"Portada","item":"https:\/\/ilerdaautomocion.es\/"},{"@type":"ListItem","position":2,"name":"Contacto"}]},{"@type":"WebSite","@id":"https:\/\/ilerdaautomocion.es\/#website","url":"https:\/\/ilerdaautomocion.es\/","name":"Comercial ilerda de automoci\u00f3n","description":"Comercial Ilerda de Automoci\u00f3n. Venta de maquinaria nueva y de ocasi\u00f3n.","publisher":{"@id":"https:\/\/ilerdaautomocion.es\/#organization"},"potentialAction":[{"@type":"SearchAction","target":{"@type":"EntryPoint","urlTemplate":"https:\/\/ilerdaautomocion.es\/?s={search_term_string}"},"query-input":{"@type":"PropertyValueSpecification","valueRequired":true,"valueName":"search_term_string"}}],"inLanguage":"es"},{"@type":"Organization","@id":"https:\/\/ilerdaautomocion.es\/#organization","name":"Comercial Ilerda de automoci\u00f3n","url":"https:\/\/ilerdaautomocion.es\/","logo":{"@type":"ImageObject","inLanguage":"es","@id":"https:\/\/ilerdaautomocion.es\/#\/schema\/logo\/image\/","url":"https:\/\/ilerdaautomocion.es\/wp-content\/uploads\/2021\/09\/Comercialilerda_logo.jpg","contentUrl":"https:\/\/ilerdaautomocion.es\/wp-content\/uploads\/2021\/09\/Comercialilerda_logo.jpg","width":465,"height":192,"caption":"Comercial Ilerda de automoci\u00f3n"},"image":{"@id":"https:\/\/ilerdaautomocion.es\/#\/schema\/logo\/image\/"}}]}},"_links":{"self":[{"href":"https:\/\/ilerdaautomocion.es\/index.php?rest_route=\/wp\/v2\/pages\/86","targetHints":{"allow":["GET"]}}],"collection":[{"href":"https:\/\/ilerdaautomocion.es\/index.php?rest_route=\/wp\/v2\/pages"}],"about":[{"href":"https:\/\/ilerdaautomocion.es\/index.php?rest_route=\/wp\/v2\/types\/page"}],"author":[{"embeddable":true,"href":"https:\/\/ilerdaautomocion.es\/index.php?rest_route=\/wp\/v2\/users\/1"}],"replies":[{"embeddable":true,"href":"https:\/\/ilerdaautomocion.es\/index.php?rest_route=%2Fwp%2Fv2%2Fcomments&post=86"}],"version-history":[{"count":6,"href":"https:\/\/ilerdaautomocion.es\/index.php?rest_route=\/wp\/v2\/pages\/86\/revisions"}],"predecessor-version":[{"id":95,"href":"https:\/\/ilerdaautomocion.es\/index.php?rest_route=\/wp\/v2\/pages\/86\/revisions\/95"}],"wp:attachment":[{"href":"https:\/\/ilerdaautomocion.es\/index.php?rest_route=%2Fwp%2Fv2%2Fmedia&parent=86"}],"curies":[{"name":"wp","href":"https:\/\/api.w.org\/{rel}","templated":true}]}}